{"id":5,"date":"2013-02-10T15:40:29","date_gmt":"2013-02-10T13:40:29","guid":{"rendered":"http:\/\/www.gerritdoerkklein.de\/?page_id=5"},"modified":"2024-04-05T16:56:09","modified_gmt":"2024-04-05T14:56:09","slug":"impressum","status":"publish","type":"page","link":"http:\/\/www.gerritdoerkklein.de\/?page_id=5","title":{"rendered":"Impressum"},"content":{"rendered":"<p><strong><br \/>Gerrit D\u00f6rk Klein<\/strong><\/p>\n<p>1963 geboren in K\u00f6ln-Lindenthal<br \/>1984 &#8211; 1993 Kunstakademie D\u00fcsseldorf<br \/>1990 &#8211; 1997 Kunstbezogene Wissenschaften, Heinrich-Heine-Universit\u00e4t<\/p>\n<p>Ateliers von<br \/>1989 &#8211; 2001 in Ennepetal und D\u00fcsseldorf\/Bilk<br \/>1998 Gr\u00fcnderpartner der gemeinn\u00fctzigen Kunstschule in Neukirchen-Vluyn<br \/>K\u00fcnstlerische Lehre als Privatdozent (PD) seit 1993<br \/>Ausstellungen bis 2014<br \/>\u00d6ffentliche Projekte bis 2016<br \/>arbeitet als Privatdozent f\u00fcr Bildende Kunst in Neukirchen-Vluyn<\/p>\n<p>Verantwortlicher Seitenbetreiber:<\/p>\n<p>Gerrit D\u00f6rk Klein<br \/>Schulplatz 12<br \/>47506 Neukirchen-Vluyn<br \/>Telefon: 02845 \/959487<\/p>\n<p>Internet-Adresse: <a href=\"http:\/\/www.gerritdoerkklein.de\/\">http:\/\/www.gerritdoerkklein.de<\/a><br \/>E-Mail-Adresse: gerritklein [at] arcor [dot] de<\/p>\n<p>Haftungsausschluss<\/p>\n<p>1. Inhalt des Onlineangebotes<br \/>Der Autor \u00fcbernimmt keinerlei Gew\u00e4hr f\u00fcr die Aktualit\u00e4t, Korrektheit, Vollst\u00e4ndigkeit oder Qualit\u00e4t der bereitgestellten Informationen. Haftungsanspr\u00fcche gegen den Autor, welche sich auf Sch\u00e4den materieller oder ideeller Art beziehen, die durch die Nutzung oder Nichtnutzung der dargebotenen Informationen bzw. durch die Nutzung fehlerhafter und unvollst\u00e4ndiger Informationen verursacht wurden, sind grunds\u00e4tzlich ausgeschlossen, sofern seitens des Autors kein nachweislich vors\u00e4tzliches oder grob fahrl\u00e4ssiges Verschulden vorliegt. Alle Publikationen sind freibleibend und unverbindlich. Der Autor beh\u00e4lt es sich ausdr\u00fccklich vor, Teile der Seiten oder das gesamte Gezeigte ohne gesonderte Ank\u00fcndigung zu ver\u00e4ndern, zu erg\u00e4nzen, zu l\u00f6schen oder die Ver\u00f6ffentlichung zeitweise oder endg\u00fcltig einzustellen.<\/p>\n<p>2. Verweise und Links<br \/>Bei direkten oder indirekten Verweisen auf fremde Webseiten (&#8222;Hyperlinks&#8220;), die au\u00dferhalb des Verantwortungsbereiches des Autors liegen, w\u00fcrde eine Haftungsverpflichtung ausschlie\u00dflich in dem Fall in Kraft treten, in dem der Autor von den Inhalten Kenntnis hat und es ihm technisch m\u00f6glich und zumutbar w\u00e4re, die Nutzung im Falle rechtswidriger Inhalte zu verhindern. Der Autor erkl\u00e4rt hiermit ausdr\u00fccklich, dass zum Zeitpunkt der Linksetzung keine illegalen Inhalte auf den zu verlinkenden Seiten erkennbar waren. Auf die aktuelle und zuk\u00fcnftige Gestaltung, die Inhalte oder die Urheberschaft der verlinkten\/verkn\u00fcpften Seiten hat der Autor keinerlei Einfluss. Deshalb distanziert er sich hiermit ausdr\u00fccklich von allen Inhalten aller verlinkten \/verkn\u00fcpften Seiten, die nach der Linksetzung ver\u00e4ndert wurden. Diese Feststellung gilt f\u00fcr alle innerhalb des eigenen Internetangebotes gesetzten Links und Verweise sowie f\u00fcr Fremdeintr\u00e4ge in vom Autor eventuell eingerichteten G\u00e4steb\u00fcchern, Diskussionsforen, Linkverzeichnissen, Mailinglisten und in allen anderen Formen von Datenbanken, auf deren Inhalt externe Schreibzugriffe m\u00f6glich sind. F\u00fcr illegale, fehlerhafte oder unvollst\u00e4ndige Inhalte und insbesondere f\u00fcr Sch\u00e4den, die aus der Nutzung oder Nichtnutzung solcherart dargebotener Informationen entstehen, haftet allein der Anbieter der Seite, auf welche verwiesen wurde, nicht derjenige, der \u00fcber Links auf die jeweilige Ver\u00f6ffentlichung lediglich verweist.<\/p>\n<p>3. Urheber- und Kennzeichenrecht<br \/>Der Autor ist bestrebt, in allen Publikationen die Urheberrechte der verwendeten Grafiken und Texte zu beachten, von ihm selbst erstellte Grafiken und Texte zu nutzen oder auf lizenzfreie Grafiken und Texte zur\u00fcckzugreifen. Alle innerhalb des Internetangebotes genannten und ggf. durch Dritte gesch\u00fctzten Marken- und Warenzeichen unterliegen uneingeschr\u00e4nkt den Bestimmungen des jeweils g\u00fcltigen Kennzeichenrechts und den Besitzrechten der jeweiligen eingetragenen Eigent\u00fcmer. Allein aufgrund der blo\u00dfen Nennung ist nicht der Schluss zu ziehen, dass Markenzeichen nicht durch Rechte Dritter gesch\u00fctzt sind!<br \/>Das Copyright f\u00fcr ver\u00f6ffentlichte, vom Autor selbst erstellte Objekte bleibt allein beim Autor der Seiten. Eine Vervielf\u00e4ltigung oder Verwendung solcher Grafiken, Tondokumente, Videosequenzen und Texte in anderen elektronischen oder gedruckten Publikationen ist ohne ausdr\u00fcckliche Zustimmung des Autors nicht gestattet.<\/p>\n<p>4. Datenschutz<br \/>Sofern innerhalb des Internetangebotes die M\u00f6glichkeit zur Eingabe pers\u00f6nlicher oder gesch\u00e4ftlicher Daten (Emailadressen, Namen, Anschriften) besteht, so erfolgt die Preisgabe dieser Daten seitens des Nutzers auf ausdr\u00fccklich freiwilliger Basis. Die Nutzung der im Rahmen des Impressums oder vergleichbarer Angaben ver\u00f6ffentlichten Kontaktdaten wie Postanschriften, Telefon- und Faxnummern sowie Emailadressen durch Dritte zur \u00dcbersendung von nicht ausdr\u00fccklich angeforderten Informationen ist nicht gestattet. Rechtliche Schritte gegen die Versender von so genannten Spam-Mails bei Verst\u00f6\u00dfen gegen dieses Verbot sind ausdr\u00fccklich vorbehalten.<\/p>\n<p>5. Rechtswirksamkeit dieses Haftungsausschlusses<br \/>Dieser Haftungsausschluss ist als Teil des Internetangebotes zu betrachten, von dem aus auf diese Seite verwiesen wurde. Sofern Teile oder einzelne Formulierungen dieses Textes der geltenden Rechtslage nicht, nicht mehr oder nicht vollst\u00e4ndig entsprechen sollten, bleiben die \u00fcbrigen Teile des Dokumentes in ihrem Inhalt und ihrer G\u00fcltigkeit davon unber\u00fchrt.<\/p>\n<p>Weitere rechtliche Hinweise<\/p>\n<p>Urheberrecht \/ Copyright<br \/>Alle Rechte vorbehalten. Die auf der Website verwendeten Texte, Bilder, Grafiken, Dateien usw. unterliegen dem Urheberrecht und anderen Gesetzen zum Schutz des geistigen Eigentums. Ihre Weitergabe, Ver\u00e4nderung, gewerbliche Nutzung oder Verwendung in anderen Websites oder Medien ist nicht gestattet. Zuwiderhandlungen werden strafrechtlich verfolgt. Vervielf\u00e4ltigungen, jeglicher Art der Inhalte dieser Publikation, sind nur mit ausdr\u00fccklicher Zustimmung des Seitenbetreibers gestattet.<\/p>\n<p>Hinweis zu allen Verweisen \/externe Links<br \/>Der Seitenbetreiber von dieser Website ist nicht f\u00fcr die Inhalte fremder Websites verantwortlich, die \u00fcber einen Verweis von dieser Website aus betreten werden k\u00f6nnen. Diese Erkl\u00e4rung betrifft auch Verweise, die von Seitenbenutzern selbst \u00fcber das Forum und\/oder das G\u00e4stebuch angebracht werden und nicht dieses Webangebot betreffen.<\/p>\n<p>Keine Abmahnung ohne vorherige Kontaktaufnahme:<\/p>\n<p>Im Falle von wettbewerbsrechtlichen, domainrechtlichen, urheberrechtlichen oder \u00e4hnlichen Problemen bitten wir Sie, zur Vermeidung unn\u00f6tiger Rechtsstreite und Kosten bereits im Vorfeld Kontakt aufzunehmen. Es ist garantiert, dass zu Recht beanstandete Passagen unverz\u00fcglich entfernt werden, ohne dass von Ihrer Seite die Einschaltung eines Rechtsbeistandes erforderlich ist. Die Kostennote einer anwaltlichen Abmahnung ohne vorhergehende Kontaktaufnahme wird im Sinne der Schadensminderungspflicht als unbegr\u00fcndet zur\u00fcckgewiesen und gegebenenfalls Gegenklage wegen Verletzung vorgenannter Bestimmungen erhoben.<\/p>\n<p>Datenschutzerkl\u00e4rung des Betreibers von dieser Website, gem\u00e4\u00df Telekommunikationsgesetz (TKG).<\/p>\n<p><!-- #EndEditable --><\/p>\n\n\n<figure class=\"wp-block-image size-large\"><a href=\"http:\/\/www.gerritdoerkklein.de\/wp-content\/uploads\/2021\/07\/Gerrit-15031965.jpg\"><img loading=\"lazy\" decoding=\"async\" width=\"1024\" height=\"708\" src=\"http:\/\/www.gerritdoerkklein.de\/wp-content\/uploads\/2021\/07\/Gerrit-15031965-1024x708.jpg\" alt=\"\" class=\"wp-image-1856\" srcset=\"http:\/\/www.gerritdoerkklein.de\/wp-content\/uploads\/2021\/07\/Gerrit-15031965-1024x708.jpg 1024w, http:\/\/www.gerritdoerkklein.de\/wp-content\/uploads\/2021\/07\/Gerrit-15031965-300x207.jpg 300w, http:\/\/www.gerritdoerkklein.de\/wp-content\/uploads\/2021\/07\/Gerrit-15031965-768x531.jpg 768w, http:\/\/www.gerritdoerkklein.de\/wp-content\/uploads\/2021\/07\/Gerrit-15031965-1536x1061.jpg 1536w, http:\/\/www.gerritdoerkklein.de\/wp-content\/uploads\/2021\/07\/Gerrit-15031965.jpg 2000w\" sizes=\"auto, (max-width: 1024px) 100vw, 1024px\" \/><\/a><\/figure>\n","protected":false},"excerpt":{"rendered":"<p>Gerrit D\u00f6rk Klein 1963 geboren in K\u00f6ln-Lindenthal1984 &#8211; 1993 Kunstakademie D\u00fcsseldorf1990 &#8211; 1997 Kunstbezogene Wissenschaften, Heinrich-Heine-Universit\u00e4t Ateliers von1989 &#8211; 2001 in Ennepetal und D\u00fcsseldorf\/Bilk1998 Gr\u00fcnderpartner der gemeinn\u00fctzigen Kunstschule in Neukirchen-VluynK\u00fcnstlerische Lehre als Privatdozent (PD) seit 1993Ausstellungen bis 2014\u00d6ffentliche Projekte bis 2016arbeitet als Privatdozent f\u00fcr Bildende Kunst in Neukirchen-Vluyn Verantwortlicher Seitenbetreiber: Gerrit D\u00f6rk KleinSchulplatz 1247506 Neukirchen-VluynTelefon: &#8230; <a title=\"Impressum\" class=\"read-more\" href=\"http:\/\/www.gerritdoerkklein.de\/?page_id=5\" aria-label=\"Mehr Informationen \u00fcber Impressum\">Weiterlesen<\/a><\/p>\n","protected":false},"author":1,"featured_media":0,"parent":0,"menu_order":5,"comment_status":"closed","ping_status":"closed","template":"","meta":{"footnotes":""},"class_list":["post-5","page","type-page","status-publish"],"_links":{"self":[{"href":"http:\/\/www.gerritdoerkklein.de\/index.php?rest_route=\/wp\/v2\/pages\/5","targetHints":{"allow":["GET"]}}],"collection":[{"href":"http:\/\/www.gerritdoerkklein.de\/index.php?rest_route=\/wp\/v2\/pages"}],"about":[{"href":"http:\/\/www.gerritdoerkklein.de\/index.php?rest_route=\/wp\/v2\/types\/page"}],"author":[{"embeddable":true,"href":"http:\/\/www.gerritdoerkklein.de\/index.php?rest_route=\/wp\/v2\/users\/1"}],"replies":[{"embeddable":true,"href":"http:\/\/www.gerritdoerkklein.de\/index.php?rest_route=%2Fwp%2Fv2%2Fcomments&post=5"}],"version-history":[{"count":11,"href":"http:\/\/www.gerritdoerkklein.de\/index.php?rest_route=\/wp\/v2\/pages\/5\/revisions"}],"predecessor-version":[{"id":2120,"href":"http:\/\/www.gerritdoerkklein.de\/index.php?rest_route=\/wp\/v2\/pages\/5\/revisions\/2120"}],"wp:attachment":[{"href":"http:\/\/www.gerritdoerkklein.de\/index.php?rest_route=%2Fwp%2Fv2%2Fmedia&parent=5"}],"curies":[{"name":"wp","href":"https:\/\/api.w.org\/{rel}","templated":true}]}}